{"id":1183,"date":"2017-05-22T09:40:22","date_gmt":"2017-05-22T07:40:22","guid":{"rendered":"http:\/\/soriapasoapaso.es\/?page_id=1183"},"modified":"2018-12-27T22:38:20","modified_gmt":"2018-12-27T21:38:20","slug":"enlaces","status":"publish","type":"page","link":"https:\/\/soriapasoapaso.es\/?page_id=1183","title":{"rendered":"Enlaces"},"content":{"rendered":"<div id=\"pl-1183\"  class=\"panel-layout\" ><div id=\"pg-1183-0\"  class=\"panel-grid panel-no-style\" ><div id=\"pgc-1183-0-0\"  class=\"panel-grid-cell\" ><div id=\"panel-1183-0-0-0\" class=\"so-panel widget widget_sow-image panel-first-child\" data-index=\"0\" ><div\n\t\t\t\n\t\t\tclass=\"so-widget-sow-image so-widget-sow-image-default-c67d20f9f743-1183\"\n\t\t\t\n\t\t>\n<div class=\"sow-image-container\">\n\t\t\t<a href=\"https:\/\/es.wikiloc.com\/\"\n\t\t\ttarget=\"_blank\" rel=\"noopener noreferrer\" \t\t>\n\t\t\t<img \n\tsrc=\"https:\/\/soriapasoapaso.es\/wp-content\/uploads\/2017\/05\/logo-wikiloc-garba-garbayo-e1536093103245.jpeg\" width=\"100\" height=\"100\" sizes=\"(max-width: 100px) 100vw, 100px\" title=\"Wikiloc\" alt=\"\" \t\tclass=\"so-widget-image\"\/>\n\t\t\t<\/a><\/div>\n\n<\/div><\/div><div id=\"panel-1183-0-0-1\" class=\"so-panel widget widget_sow-editor panel-last-child\" data-index=\"1\" ><div\n\t\t\t\n\t\t\tclass=\"so-widget-sow-editor so-widget-sow-editor-base\"\n\t\t\t\n\t\t>\n<div class=\"siteorigin-widget-tinymce textwidget\">\n\t<h4 style=\"text-align: center;\">Wikilock<\/h4>\n<\/div>\n<\/div><\/div><\/div><div id=\"pgc-1183-0-1\"  class=\"panel-grid-cell\" ><div id=\"panel-1183-0-1-0\" class=\"so-panel widget widget_sow-image panel-first-child\" data-index=\"2\" ><div\n\t\t\t\n\t\t\tclass=\"so-widget-sow-image so-widget-sow-image-default-8b5b6f678277-1183\"\n\t\t\t\n\t\t>\n<div class=\"sow-image-container\">\n\t\t\t<a href=\"https:\/\/www.ibpindex.com\/index.php\/es\/\"\n\t\t\t\t\t>\n\t\t\t<img \n\tsrc=\"https:\/\/soriapasoapaso.es\/wp-content\/uploads\/2018\/12\/logo_index-e1547326259387.jpg\" width=\"195\" height=\"80\" sizes=\"(max-width: 195px) 100vw, 195px\" title=\"Ibp index\" alt=\"\" \t\tclass=\"so-widget-image\"\/>\n\t\t\t<\/a><\/div>\n\n<\/div><\/div><div id=\"panel-1183-0-1-1\" class=\"so-panel widget widget_sow-editor panel-last-child\" data-index=\"3\" ><div\n\t\t\t\n\t\t\tclass=\"so-widget-sow-editor so-widget-sow-editor-base\"\n\t\t\t\n\t\t>\n<div class=\"siteorigin-widget-tinymce textwidget\">\n\t<h4 style=\"text-align: center;\"><strong>Ibp index<\/strong><\/h4>\n<\/div>\n<\/div><\/div><\/div><div id=\"pgc-1183-0-2\"  class=\"panel-grid-cell\" ><div id=\"panel-1183-0-2-0\" class=\"so-panel widget widget_sow-image panel-first-child\" data-index=\"4\" ><div\n\t\t\t\n\t\t\tclass=\"so-widget-sow-image so-widget-sow-image-default-c67d20f9f743-1183\"\n\t\t\t\n\t\t>\n<div class=\"sow-image-container\">\n\t\t\t<a href=\"http:\/\/www.sorianitelaimaginas.com\/rutas-por-comarca#\"\n\t\t\ttarget=\"_blank\" rel=\"noopener noreferrer\" \t\t>\n\t\t\t<img \n\tsrc=\"https:\/\/soriapasoapaso.es\/wp-content\/uploads\/2017\/05\/logo-soria-ni-te-la-imaginas-e1536092606550.jpeg\" width=\"120\" height=\"120\" sizes=\"(max-width: 120px) 100vw, 120px\" title=\"Rutas Senderismo Soria ni te la Imaginas\" alt=\"\" \t\tclass=\"so-widget-image\"\/>\n\t\t\t<\/a><\/div>\n\n<\/div><\/div><div id=\"panel-1183-0-2-1\" class=\"so-panel widget widget_sow-editor panel-last-child\" data-index=\"5\" ><div\n\t\t\t\n\t\t\tclass=\"so-widget-sow-editor so-widget-sow-editor-base\"\n\t\t\t\n\t\t>\n<div class=\"siteorigin-widget-tinymce textwidget\">\n\t<h4 style=\"text-align: center;\">Rutas Soria ni te la Imaginas<\/h4>\n<\/div>\n<\/div><\/div><\/div><div id=\"pgc-1183-0-3\"  class=\"panel-grid-cell\" ><div id=\"panel-1183-0-3-0\" class=\"so-panel widget widget_sow-image panel-first-child\" data-index=\"6\" ><div\n\t\t\t\n\t\t\tclass=\"so-widget-sow-image so-widget-sow-image-default-c67d20f9f743-1183\"\n\t\t\t\n\t\t>\n<div class=\"sow-image-container\">\n\t\t\t<a href=\"http:\/\/fclm.com\/\"\n\t\t\ttarget=\"_blank\" rel=\"noopener noreferrer\" \t\t>\n\t\t\t<img \n\tsrc=\"https:\/\/soriapasoapaso.es\/wp-content\/uploads\/2017\/05\/federacion-montac3b1a-castilla-y-leon-logo-2.jpeg\" width=\"600\" height=\"203\" srcset=\"https:\/\/soriapasoapaso.es\/wp-content\/uploads\/2017\/05\/federacion-montac3b1a-castilla-y-leon-logo-2.jpeg 600w, https:\/\/soriapasoapaso.es\/wp-content\/uploads\/2017\/05\/federacion-montac3b1a-castilla-y-leon-logo-2-300x102.jpeg 300w\" sizes=\"(max-width: 600px) 100vw, 600px\" title=\"Federacion de Monta\u00f1a de Castilla y Le\u00f3n\" alt=\"\" \t\tclass=\"so-widget-image\"\/>\n\t\t\t<\/a><\/div>\n\n<\/div><\/div><div id=\"panel-1183-0-3-1\" class=\"so-panel widget widget_sow-editor panel-last-child\" data-index=\"7\" ><div\n\t\t\t\n\t\t\tclass=\"so-widget-sow-editor so-widget-sow-editor-base\"\n\t\t\t\n\t\t>\n<div class=\"siteorigin-widget-tinymce textwidget\">\n\t<h4 style=\"text-align: center;\">Federaci\u00f3n de Monta\u00f1a de Castilla y Le\u00f3n<\/h4>\n<\/div>\n<\/div><\/div><\/div><div id=\"pgc-1183-0-4\"  class=\"panel-grid-cell\" ><div id=\"panel-1183-0-4-0\" class=\"so-panel widget widget_sow-image panel-first-child\" data-index=\"8\" ><div\n\t\t\t\n\t\t\tclass=\"so-widget-sow-image so-widget-sow-image-default-c67d20f9f743-1183\"\n\t\t\t\n\t\t>\n<div class=\"sow-image-container\">\n\t\t\t<a href=\"http:\/\/www.estiramientos.es\/index.php?filt=senderismo\"\n\t\t\ttarget=\"_blank\" rel=\"noopener noreferrer\" \t\t>\n\t\t\t<img \n\tsrc=\"https:\/\/soriapasoapaso.es\/wp-content\/uploads\/2017\/05\/estiramiento-e1536093393319.jpeg\" width=\"121\" height=\"100\" sizes=\"(max-width: 121px) 100vw, 121px\" title=\"Estiramientos para senderismo\" alt=\"\" \t\tclass=\"so-widget-image\"\/>\n\t\t\t<\/a><\/div>\n\n<\/div><\/div><div id=\"panel-1183-0-4-1\" class=\"so-panel widget widget_sow-editor panel-last-child\" data-index=\"9\" ><div\n\t\t\t\n\t\t\tclass=\"so-widget-sow-editor so-widget-sow-editor-base\"\n\t\t\t\n\t\t>\n<div class=\"siteorigin-widget-tinymce textwidget\">\n\t<h4 style=\"text-align: center;\">Estiramientos para Senderistas<\/h4>\n<\/div>\n<\/div><\/div><\/div><\/div><div id=\"pg-1183-1\"  class=\"panel-grid panel-no-style\" ><div id=\"pgc-1183-1-0\"  class=\"panel-grid-cell\" ><div id=\"panel-1183-1-0-0\" class=\"so-panel widget widget_sow-image panel-first-child\" data-index=\"10\" ><div\n\t\t\t\n\t\t\tclass=\"so-widget-sow-image so-widget-sow-image-default-c67d20f9f743-1183\"\n\t\t\t\n\t\t>\n<div class=\"sow-image-container\">\n\t\t\t<a href=\"http:\/\/www.soria.es\/turismo\/senderismo\"\n\t\t\ttarget=\"_blank\" rel=\"noopener noreferrer\" \t\t>\n\t\t\t<img \n\tsrc=\"https:\/\/soriapasoapaso.es\/wp-content\/uploads\/2017\/05\/ayuntamientosoria-3c-e1536092922833.jpeg\" width=\"154\" height=\"200\" sizes=\"(max-width: 154px) 100vw, 154px\" title=\"Ayto. de Soria - Senderismo\" alt=\"\" \t\tclass=\"so-widget-image\"\/>\n\t\t\t<\/a><\/div>\n\n<\/div><\/div><div id=\"panel-1183-1-0-1\" class=\"so-panel widget widget_sow-editor panel-last-child\" data-index=\"11\" ><div\n\t\t\t\n\t\t\tclass=\"so-widget-sow-editor so-widget-sow-editor-base\"\n\t\t\t\n\t\t>\n<div class=\"siteorigin-widget-tinymce textwidget\">\n\t<h4 style=\"text-align: center;\">Ayto. de Soria - Senderismo<\/h4>\n<\/div>\n<\/div><\/div><\/div><div id=\"pgc-1183-1-1\"  class=\"panel-grid-cell\" ><div id=\"panel-1183-1-1-0\" class=\"so-panel widget widget_sow-image panel-first-child\" data-index=\"12\" ><div\n\t\t\t\n\t\t\tclass=\"so-widget-sow-image so-widget-sow-image-default-c67d20f9f743-1183\"\n\t\t\t\n\t\t>\n<div class=\"sow-image-container\">\n\t\t\t<a href=\"http:\/\/www.gr86soria.es\/\"\n\t\t\ttarget=\"_blank\" rel=\"noopener noreferrer\" \t\t>\n\t\t\t<img \n\tsrc=\"https:\/\/soriapasoapaso.es\/wp-content\/uploads\/2017\/05\/gr86.jpeg\" width=\"883\" height=\"800\" srcset=\"https:\/\/soriapasoapaso.es\/wp-content\/uploads\/2017\/05\/gr86.jpeg 883w, https:\/\/soriapasoapaso.es\/wp-content\/uploads\/2017\/05\/gr86-300x272.jpeg 300w, https:\/\/soriapasoapaso.es\/wp-content\/uploads\/2017\/05\/gr86-768x696.jpeg 768w\" sizes=\"(max-width: 883px) 100vw, 883px\" title=\"El GR Ib\u00e9rico Soriano\" alt=\"\" \t\tclass=\"so-widget-image\"\/>\n\t\t\t<\/a><\/div>\n\n<\/div><\/div><div id=\"panel-1183-1-1-1\" class=\"so-panel widget widget_sow-editor panel-last-child\" data-index=\"13\" ><div\n\t\t\t\n\t\t\tclass=\"so-widget-sow-editor so-widget-sow-editor-base\"\n\t\t\t\n\t\t>\n<div class=\"siteorigin-widget-tinymce textwidget\">\n\t<h4 style=\"text-align: center;\">El GR Ib\u00e9rico Soriano<\/h4>\n<\/div>\n<\/div><\/div><\/div><div id=\"pgc-1183-1-2\"  class=\"panel-grid-cell\" ><div id=\"panel-1183-1-2-0\" class=\"so-panel widget widget_sow-image panel-first-child\" data-index=\"14\" ><div\n\t\t\t\n\t\t\tclass=\"so-widget-sow-image so-widget-sow-image-default-c67d20f9f743-1183\"\n\t\t\t\n\t\t>\n<div class=\"sow-image-container\">\n\t\t\t<a href=\"http:\/\/www.montanasegura.com\/\"\n\t\t\ttarget=\"_blank\" rel=\"noopener noreferrer\" \t\t>\n\t\t\t<img \n\tsrc=\"https:\/\/soriapasoapaso.es\/wp-content\/uploads\/2017\/05\/montan\u0303a-segura.jpeg\" width=\"608\" height=\"556\" srcset=\"https:\/\/soriapasoapaso.es\/wp-content\/uploads\/2017\/05\/montan\u0303a-segura.jpeg 608w, https:\/\/soriapasoapaso.es\/wp-content\/uploads\/2017\/05\/montan\u0303a-segura-300x274.jpeg 300w\" sizes=\"(max-width: 608px) 100vw, 608px\" title=\"Monta\u00f1a Segura\" alt=\"\" \t\tclass=\"so-widget-image\"\/>\n\t\t\t<\/a><\/div>\n\n<\/div><\/div><div id=\"panel-1183-1-2-1\" class=\"so-panel widget widget_sow-editor panel-last-child\" data-index=\"15\" ><div\n\t\t\t\n\t\t\tclass=\"so-widget-sow-editor so-widget-sow-editor-base\"\n\t\t\t\n\t\t>\n<div class=\"siteorigin-widget-tinymce textwidget\">\n\t<h4 style=\"text-align: center;\">Monta\u00f1a Segura<\/h4>\n<\/div>\n<\/div><\/div><\/div><div id=\"pgc-1183-1-3\"  class=\"panel-grid-cell\" ><div id=\"panel-1183-1-3-0\" class=\"so-panel widget widget_sow-image panel-first-child\" data-index=\"16\" ><div\n\t\t\t\n\t\t\tclass=\"so-widget-sow-image so-widget-sow-image-default-c67d20f9f743-1183\"\n\t\t\t\n\t\t>\n<div class=\"sow-image-container\">\n\t\t\t<a href=\"https:\/\/www.google.com\/maps\/d\/u\/0\/viewer?mid=1T5EuMRPvawJNEFTY6HXs7I-aXFw&#038;ll=41.61167906201024%2C-2.656402000000071&#038;z=9\"\n\t\t\ttarget=\"_blank\" rel=\"noopener noreferrer\" \t\t>\n\t\t\t<img \n\tsrc=\"https:\/\/soriapasoapaso.es\/wp-content\/uploads\/2017\/05\/vertices-geodesicos.jpeg\" width=\"750\" height=\"563\" srcset=\"https:\/\/soriapasoapaso.es\/wp-content\/uploads\/2017\/05\/vertices-geodesicos.jpeg 750w, https:\/\/soriapasoapaso.es\/wp-content\/uploads\/2017\/05\/vertices-geodesicos-300x225.jpeg 300w\" sizes=\"(max-width: 750px) 100vw, 750px\" title=\"V\u00e9rtices Geod\u00e9sicos de Espa\u00f1a\" alt=\"\" \t\tclass=\"so-widget-image\"\/>\n\t\t\t<\/a><\/div>\n\n<\/div><\/div><div id=\"panel-1183-1-3-1\" class=\"so-panel widget widget_sow-editor panel-last-child\" data-index=\"17\" ><div\n\t\t\t\n\t\t\tclass=\"so-widget-sow-editor so-widget-sow-editor-base\"\n\t\t\t\n\t\t>\n<div class=\"siteorigin-widget-tinymce textwidget\">\n\t<h4 style=\"text-align: center;\">V\u00e9rtices Geod\u00e9sicos de Espa\u00f1a<\/h4>\n<\/div>\n<\/div><\/div><\/div><div id=\"pgc-1183-1-4\"  class=\"panel-grid-cell\" ><div id=\"panel-1183-1-4-0\" class=\"so-panel widget widget_sow-image panel-first-child\" data-index=\"18\" ><div\n\t\t\t\n\t\t\tclass=\"so-widget-sow-image so-widget-sow-image-default-c67d20f9f743-1183\"\n\t\t\t\n\t\t>\n<div class=\"sow-image-container\">\n\t\t\t<a href=\"https:\/\/www.yumping.com\/senderismo\/soria\"\n\t\t\ttarget=\"_blank\" rel=\"noopener noreferrer\" \t\t>\n\t\t\t<img \n\tsrc=\"https:\/\/soriapasoapaso.es\/wp-content\/uploads\/2017\/05\/empresas-senderismo.png\" width=\"254\" height=\"127\" sizes=\"(max-width: 254px) 100vw, 254px\" title=\"Empresas senderismo en Soria\" alt=\"\" \t\tclass=\"so-widget-image\"\/>\n\t\t\t<\/a><\/div>\n\n<\/div><\/div><div id=\"panel-1183-1-4-1\" class=\"so-panel widget widget_sow-editor panel-last-child\" data-index=\"19\" ><div\n\t\t\t\n\t\t\tclass=\"so-widget-sow-editor so-widget-sow-editor-base\"\n\t\t\t\n\t\t>\n<div class=\"siteorigin-widget-tinymce textwidget\">\n\t<h4 style=\"text-align: center;\">Empresas de Senderismo en Soria<\/h4>\n<\/div>\n<\/div><\/div><\/div><\/div><\/div>","protected":false},"excerpt":{"rendered":"<p>Wikilock Ibp index Rutas Soria ni te la Imaginas Federaci\u00f3n de Monta\u00f1a de Castilla y Le\u00f3n Estiramientos para Senderistas Ayto. de Soria &#8211; Senderismo El GR Ib\u00e9rico Soriano Monta\u00f1a Segura V\u00e9rtices Geod\u00e9sicos de Espa\u00f1a Empresas de Senderismo en Soria<\/p>\n","protected":false},"author":1,"featured_media":0,"parent":0,"menu_order":0,"comment_status":"closed","ping_status":"closed","template":"Full-width-page.php","meta":{"footnotes":""},"class_list":["post-1183","page","type-page","status-publish","hentry"],"_links":{"self":[{"href":"https:\/\/soriapasoapaso.es\/index.php?rest_route=\/wp\/v2\/pages\/1183","targetHints":{"allow":["GET"]}}],"collection":[{"href":"https:\/\/soriapasoapaso.es\/index.php?rest_route=\/wp\/v2\/pages"}],"about":[{"href":"https:\/\/soriapasoapaso.es\/index.php?rest_route=\/wp\/v2\/types\/page"}],"author":[{"embeddable":true,"href":"https:\/\/soriapasoapaso.es\/index.php?rest_route=\/wp\/v2\/users\/1"}],"replies":[{"embeddable":true,"href":"https:\/\/soriapasoapaso.es\/index.php?rest_route=%2Fwp%2Fv2%2Fcomments&post=1183"}],"version-history":[{"count":26,"href":"https:\/\/soriapasoapaso.es\/index.php?rest_route=\/wp\/v2\/pages\/1183\/revisions"}],"predecessor-version":[{"id":3680,"href":"https:\/\/soriapasoapaso.es\/index.php?rest_route=\/wp\/v2\/pages\/1183\/revisions\/3680"}],"wp:attachment":[{"href":"https:\/\/soriapasoapaso.es\/index.php?rest_route=%2Fwp%2Fv2%2Fmedia&parent=1183"}],"curies":[{"name":"wp","href":"https:\/\/api.w.org\/{rel}","templated":true}]}}